{"version":"1.0","provider_name":"Espa\u00f1ol S\u00ed","provider_url":"https:\/\/www.espanolsi.com\/pb","title":"La Navidad - Espa\u00f1ol S\u00ed","type":"rich","width":600,"height":338,"html":"<blockquote class=\"wp-embedded-content\" data-secret=\"cLqUu7j3Dv\"><a href=\"https:\/\/www.espanolsi.com\/pb\/la-navidad\/\">La Navidad<\/a><\/blockquote><iframe sandbox=\"allow-scripts\" security=\"restricted\" src=\"https:\/\/www.espanolsi.com\/pb\/la-navidad\/embed\/#?secret=cLqUu7j3Dv\" width=\"600\" height=\"338\" title=\"&#8220;La Navidad&#8221; &#8212; Espa\u00f1ol S\u00ed\" data-secret=\"cLqUu7j3Dv\" frameborder=\"0\" marginwidth=\"0\" marginheight=\"0\" scrolling=\"no\" class=\"wp-embedded-content\"><\/iframe><script type=\"text\/javascript\">\n\/* <![CDATA[ *\/\n\/*! This file is auto-generated *\/\n!function(d,l){\"use strict\";l.querySelector&&d.addEventListener&&\"undefined\"!=typeof URL&&(d.wp=d.wp||{},d.wp.receiveEmbedMessage||(d.wp.receiveEmbedMessage=function(e){var t=e.data;if((t||t.secret||t.message||t.value)&&!\/[^a-zA-Z0-9]\/.test(t.secret)){for(var s,r,n,a=l.querySelectorAll('iframe[data-secret=\"'+t.secret+'\"]'),o=l.querySelectorAll('blockquote[data-secret=\"'+t.secret+'\"]'),c=new RegExp(\"^https?:$\",\"i\"),i=0;i<o.length;i++)o[i].style.display=\"none\";for(i=0;i<a.length;i++)s=a[i],e.source===s.contentWindow&&(s.removeAttribute(\"style\"),\"height\"===t.message?(1e3<(r=parseInt(t.value,10))?r=1e3:~~r<200&&(r=200),s.height=r):\"link\"===t.message&&(r=new URL(s.getAttribute(\"src\")),n=new URL(t.value),c.test(n.protocol))&&n.host===r.host&&l.activeElement===s&&(d.top.location.href=t.value))}},d.addEventListener(\"message\",d.wp.receiveEmbedMessage,!1),l.addEventListener(\"DOMContentLoaded\",function(){for(var e,t,s=l.querySelectorAll(\"iframe.wp-embedded-content\"),r=0;r<s.length;r++)(t=(e=s[r]).getAttribute(\"data-secret\"))||(t=Math.random().toString(36).substring(2,12),e.src+=\"#?secret=\"+t,e.setAttribute(\"data-secret\",t)),e.contentWindow.postMessage({message:\"ready\",secret:t},\"*\")},!1)))}(window,document);\n\/* ]]> *\/\n<\/script>\n","thumbnail_url":"https:\/\/i0.wp.com\/www.espanolsi.com\/wp-content\/uploads\/2017\/11\/navidad-medida-certa-3.jpg?fit=1200%2C631&ssl=1","thumbnail_width":1200,"thumbnail_height":631,"description":"&nbsp; escucha el texto En la Navidad\u00a0 se celebra el nacimiento del ni\u00f1o Jes\u00fas. Es una fiesta que se celebra en casi todo el mundo, pero en algunos pa\u00edses es posible identificar peque\u00f1as diferencias a la hora de celebrarla. Los colores t\u00edpicos de esta \u00e9poca son el rojo, el blanco y el verde. En la [&hellip;]"}